{"id":517,"date":"2021-06-10T19:12:18","date_gmt":"2021-06-10T17:12:18","guid":{"rendered":"http:\/\/testchavannes.ch\/?page_id=517"},"modified":"2023-04-22T16:26:05","modified_gmt":"2023-04-22T14:26:05","slug":"517-2","status":"publish","type":"page","link":"https:\/\/chavannes-le-veyron.ch\/index.php\/517-2\/","title":{"rendered":"Elections"},"content":{"rendered":"<p>[et_pb_section fb_built=\u00a0\u00bb1&Prime; _builder_version=\u00a0\u00bb4.20.4&Prime; _module_preset=\u00a0\u00bbdefault\u00a0\u00bb background_image=\u00a0\u00bbhttps:\/\/chavannes-le-veyron.ch\/wp-content\/uploads\/2023\/04\/Conseil-IMG_2505-scaled.jpg\u00a0\u00bb parallax=\u00a0\u00bbon\u00a0\u00bb min_height=\u00a0\u00bb234px\u00a0\u00bb hover_enabled=\u00a0\u00bb0&Prime; global_colors_info=\u00a0\u00bb{}\u00a0\u00bb height=\u00a0\u00bb345px\u00a0\u00bb sticky_enabled=\u00a0\u00bb0&Prime;][\/et_pb_section][et_pb_section fb_built=\u00a0\u00bb1&Prime; specialty=\u00a0\u00bbon\u00a0\u00bb _builder_version=\u00a0\u00bb4.16&Prime; _module_preset=\u00a0\u00bbdefault\u00a0\u00bb global_colors_info=\u00a0\u00bb{}\u00a0\u00bb][et_pb_column type=\u00a0\u00bb3_4&Prime; specialty_columns=\u00a0\u00bb3&Prime; _builder_version=\u00a0\u00bb4.16&Prime; custom_padding=\u00a0\u00bb|||\u00a0\u00bb global_colors_info=\u00a0\u00bb{}\u00a0\u00bb custom_padding__hover=\u00a0\u00bb|||\u00a0\u00bb][et_pb_row_inner _builder_version=\u00a0\u00bb4.16&Prime; _module_preset=\u00a0\u00bbdefault\u00a0\u00bb global_colors_info=\u00a0\u00bb{}\u00a0\u00bb][et_pb_column_inner saved_specialty_column_type=\u00a0\u00bb3_4&Prime; _builder_version=\u00a0\u00bb4.16&Prime; _module_preset=\u00a0\u00bbdefault\u00a0\u00bb global_colors_info=\u00a0\u00bb{}\u00a0\u00bb][et_pb_text _builder_version=\u00a0\u00bb4.16&Prime; _module_preset=\u00a0\u00bbdefault\u00a0\u00bb global_colors_info=\u00a0\u00bb{}\u00a0\u00bb]<\/p>\n<h1><strong>Elections :<br \/><\/strong><\/h1>\n<p>[\/et_pb_text][\/et_pb_column_inner][\/et_pb_row_inner][et_pb_row_inner _builder_version=\u00a0\u00bb4.16&Prime; _module_preset=\u00a0\u00bbdefault\u00a0\u00bb global_colors_info=\u00a0\u00bb{}\u00a0\u00bb][et_pb_column_inner saved_specialty_column_type=\u00a0\u00bb3_4&Prime; _builder_version=\u00a0\u00bb4.16&Prime; _module_preset=\u00a0\u00bbdefault\u00a0\u00bb global_colors_info=\u00a0\u00bb{}\u00a0\u00bb][et_pb_accordion _builder_version=\u00a0\u00bb4.16&Prime; _module_preset=\u00a0\u00bbdefault\u00a0\u00bb global_colors_info=\u00a0\u00bb{}\u00a0\u00bb][et_pb_accordion_item title=\u00a0\u00bbElection de la municipalit\u00e9, 2\u00e8me tour\u00a0\u00bb open=\u00a0\u00bbon\u00a0\u00bb _builder_version=\u00a0\u00bb4.16&Prime; _module_preset=\u00a0\u00bbdefault\u00a0\u00bb global_colors_info=\u00a0\u00bb{}\u00a0\u00bb]<\/p>\n<div class=\"entry-content\">\n<h5>Est \u00e9lue<\/h5>\n<figure class=\"wp-block-table\">\n<table>\n<tbody>\n<tr>\n<td>1<\/td>\n<td>Mancino Isabelle<\/td>\n<td>49<\/td>\n<\/tr>\n<\/tbody>\n<\/table>\n<\/figure>\n<h5>Obtiennent des voix<\/h5>\n<figure class=\"wp-block-table\">\n<table>\n<tbody>\n<tr>\n<td>2<\/td>\n<td>Bettens Corine<\/td>\n<td>3<\/td>\n<\/tr>\n<tr>\n<td>3<\/td>\n<td>Bonzon Olivier<\/td>\n<td>1<\/td>\n<\/tr>\n<tr>\n<td>4<\/td>\n<td>Zimmermann Julie<\/td>\n<td>1<\/td>\n<\/tr>\n<\/tbody>\n<\/table>\n<\/figure>\n<figure class=\"wp-block-table\">\n<table>\n<tbody>\n<tr>\n<td>Electeurs inscrits<\/td>\n<td>105<\/td>\n<\/tr>\n<tr>\n<td>Participation (%)<\/td>\n<td>52%<\/td>\n<\/tr>\n<\/tbody>\n<\/table>\n<\/figure>\n<figure class=\"wp-block-table\">\n<table>\n<tbody>\n<tr>\n<td>Bulletins<\/td>\n<td>Rentr\u00e9s<\/td>\n<td>55<\/td>\n<\/tr>\n<tr>\n<td>Bulletins<\/td>\n<td>Nuls<\/td>\n<td>0<\/td>\n<\/tr>\n<tr>\n<td>Bulletins<\/td>\n<td>Valables (dont blanc)<\/td>\n<td>55<\/td>\n<\/tr>\n<tr>\n<td>Bulletins<\/td>\n<td>Blancs<\/td>\n<td>1<\/td>\n<\/tr>\n<\/tbody>\n<\/table>\n<\/figure>\n<h5>Election d\u2019un Syndic ou d\u2019une Syndique, 1er tour<\/h5>\n<p>Seul candidats, Monsieur Jean-Luc Reymond est \u00e9lu tacitement.<\/p>\n<\/div>\n<p>[\/et_pb_accordion_item][et_pb_accordion_item title=\u00a0\u00bbElection de la municipalit\u00e9, 1er tour\u00a0\u00bb _builder_version=\u00a0\u00bb4.16&Prime; _module_preset=\u00a0\u00bbdefault\u00a0\u00bb global_colors_info=\u00a0\u00bb{}\u00a0\u00bb open=\u00a0\u00bboff\u00a0\u00bb]<\/p>\n<div class=\"entry-content\">\n<h5>Sont \u00e9lus<\/h5>\n<figure class=\"wp-block-table\">\n<table>\n<tbody>\n<tr>\n<td>1<\/td>\n<td>Vial Marc<\/td>\n<td>81<\/td>\n<\/tr>\n<tr>\n<td>2<\/td>\n<td>Girardin J\u00e9r\u00f4me<\/td>\n<td>80<\/td>\n<\/tr>\n<tr>\n<td>3<\/td>\n<td>Briand Dominique<\/td>\n<td>71<\/td>\n<\/tr>\n<tr>\n<td>4<\/td>\n<td>Reymond Jean-Luc<\/td>\n<td>67<\/td>\n<\/tr>\n<\/tbody>\n<\/table>\n<\/figure>\n<h5>Obtiennent des voix<\/h5>\n<figure class=\"wp-block-table\">\n<table>\n<tbody>\n<tr>\n<td>5<\/td>\n<td>Bettens Corine<\/td>\n<td>24<\/td>\n<\/tr>\n<tr>\n<td>6<\/td>\n<td>Longchamp Christophe<\/td>\n<td>5<\/td>\n<\/tr>\n<tr>\n<td>7<\/td>\n<td>Bonzon Olivier<\/td>\n<td>3<\/td>\n<\/tr>\n<tr>\n<td>8<\/td>\n<td>Caulet Cellery Caroline<\/td>\n<td>3<\/td>\n<\/tr>\n<tr>\n<td>9<\/td>\n<td>Zimmermann David<\/td>\n<td>3<\/td>\n<\/tr>\n<tr>\n<td>10<\/td>\n<td>Zimmermann Julie<\/td>\n<td>3<\/td>\n<\/tr>\n<tr>\n<td>11<\/td>\n<td>Mancino Isabelle<\/td>\n<td>2<\/td>\n<\/tr>\n<tr>\n<td>12<\/td>\n<td>Reymond Kevin<\/td>\n<td>2<\/td>\n<\/tr>\n<tr>\n<td>13<\/td>\n<td>Bettens Janine<\/td>\n<td>1<\/td>\n<\/tr>\n<tr>\n<td>14<\/td>\n<td>Caillat Mary-Lise<\/td>\n<td>1<\/td>\n<\/tr>\n<tr>\n<td>15<\/td>\n<td>Caillat Philippe<\/td>\n<td>1<\/td>\n<\/tr>\n<tr>\n<td>16<\/td>\n<td>David Marc<\/td>\n<td>1<\/td>\n<\/tr>\n<tr>\n<td>17<\/td>\n<td>Fuchs J\u00e9r\u00f4me<\/td>\n<td>1<\/td>\n<\/tr>\n<tr>\n<td>18<\/td>\n<td>Rochat Nadine<\/td>\n<td>1<\/td>\n<\/tr>\n<tr>\n<td>19<\/td>\n<td>Seydoux Maeva<\/td>\n<td>1<\/td>\n<\/tr>\n<\/tbody>\n<\/table>\n<\/figure>\n<figure class=\"wp-block-image size-large is-resized\"><img decoding=\"async\" loading=\"lazy\" src=\"http:\/\/www.chavannes-le-veyron.ch\/wp-content\/uploads\/2021\/03\/elect_1_tour.png\" alt=\"\" class=\"wp-image-1163\" srcset=\"http:\/\/www.chavannes-le-veyron.ch\/wp-content\/uploads\/2021\/03\/elect_1_tour.png 756w, http:\/\/www.chavannes-le-veyron.ch\/wp-content\/uploads\/2021\/03\/elect_1_tour-263x300.png 263w, http:\/\/www.chavannes-le-veyron.ch\/wp-content\/uploads\/2021\/03\/elect_1_tour-660x753.png 660w\" sizes=\"(max-width: 654px) 100vw, 654px\" width=\"654\" height=\"746\" \/><\/figure>\n<ul>\n<li><strong>11h30 \u00e0 12h30\u00a0\u00a0\u00a0 Ouverture du bureau de vote pour le 2<sup>\u00e8me<\/sup>\u00a0tour-municipalit\u00e9<\/strong><\/li>\n<li>13h00 D\u00e9pouillement et proclamation des r\u00e9sultats<\/li>\n<li>13h30 pr\u00e9cises\u00a0dernier d\u00e9lai de d\u00e9p\u00f4t des listes pour le 1er tour-syndic(que) aupr\u00e8s du Pr\u00e9sident du bureau<\/li>\n<li><strong>14h00 \u00e0 15h00\u00a0\u00a0\u00a0 Ouverture du bureau de vote pour le 1er tour-syndic(que)<\/strong><\/li>\n<li>15h30 D\u00e9pouillement et proclamation des r\u00e9sultats<\/li>\n<li>16h00 pr\u00e9cises dernier d\u00e9lai de d\u00e9p\u00f4t des listes pour le 2<sup>\u00e8me<\/sup>\u00a0tour-syndic(que) aupr\u00e8s du Pr\u00e9sident du bureau<\/li>\n<li><strong>16h30 \u00e0 17h30\u00a0\u00a0\u00a0 Ouverture du bureau de vote pour le 2<sup>\u00e8me<\/sup>\u00a0tour-syndic(que)<\/strong><\/li>\n<li>18h00 D\u00e9pouillement et proclamation des r\u00e9sultats \u2013 Cl\u00f4ture des op\u00e9rations<\/li>\n<\/ul>\n<\/div>\n<p>[\/et_pb_accordion_item][et_pb_accordion_item title=\u00a0\u00bbListe des candidats \u00e9lections 2021&Prime; _builder_version=\u00a0\u00bb4.16&Prime; _module_preset=\u00a0\u00bbdefault\u00a0\u00bb global_colors_info=\u00a0\u00bb{}\u00a0\u00bb open=\u00a0\u00bboff\u00a0\u00bb]<\/p>\n<div class=\"entry-content\">\n<p><a href=\"\/wp-content\/uploads\/2021\/06\/candidats_2021.pdf\" target=\"_blank\" rel=\"noopener noreferrer\">Liste de candidatures \u00e9lections 2021 <\/a><\/p>\n<\/div>\n<p>[\/et_pb_accordion_item][et_pb_accordion_item title=\u00a0\u00bbProgramme \u00e9lections 2021&Prime; _builder_version=\u00a0\u00bb4.16&Prime; _module_preset=\u00a0\u00bbdefault\u00a0\u00bb global_colors_info=\u00a0\u00bb{}\u00a0\u00bb open=\u00a0\u00bboff\u00a0\u00bb]<\/p>\n<figure class=\"wp-block-image size-large is-resized\"><img decoding=\"async\" loading=\"lazy\" src=\"http:\/\/www.chavannes-le-veyron.ch\/wp-content\/uploads\/2015\/12\/logo_petit_commune.png\" alt=\"\" class=\"wp-image-498\" width=\"119\" height=\"146\" \/><\/figure>\n<p>Les \u00e9lectrices et les \u00e9lecteurs de la Commune de Chavannes-le-Veyron sont convoqu\u00e9s le <strong>dimanche 7 mars 2021<\/strong> pour \u00e9lire les membres de la municipalit\u00e9, puis le(a) syndic(que) pour un mandat de cinq ans, soit pour la <strong>l\u00e9gislature du 1<sup>er<\/sup> juillet 2021 au 30 juin 2026.<\/strong><\/p>\n<p>Les \u00e9lections de la municipalit\u00e9 et du syndic se d\u00e9rouleront en un seul jour, selon le syst\u00e8me majoritaire \u00e0 deux tours (majorit\u00e9 absolue au premier tour et relative en cas de second tour).<\/p>\n<p>Le vote par correspondance ne peut \u00eatre exerc\u00e9 que pour le 1er tour-municipalit\u00e9. Pour le 2\u00e8me tour \u00e9ventuel et l\u2019\u00e9lection du syndic, seul le vote au bureau sera possible. Le bulletin \u00e9lectoral doit \u00eatre mis dans l\u2019enveloppe de vote jaune, le cas \u00e9ch\u00e9ant avec les bulletins des autres scrutins.<\/p>\n<p>Pour le second tour, l\u2019\u00e9lecteur doit se rendre au bureau de vote (Maison de Commune, le Coll\u00e8ge). S\u2019il a vot\u00e9 par correspondance pour le 1er tour, il retrouvera sa carte de vote au bureau de vote.<\/p>\n<p>Une liste de candidature a \u00e9t\u00e9 d\u00e9pos\u00e9e. Cependant, l\u2019\u00e9lecteur peut voter pour n\u2019importe quel(le) citoyen ou citoyenne inscrit(e) au r\u00f4le des \u00e9lecteurs de la commune.<\/p>\n<p>Une \u00e9lection tacite sera exclue en ce qui concerne la municipalit\u00e9, mais possible pour l\u2019\u00e9lection du syndic (au 1er tour et au 2\u00e8me tour \u00e9ventuel), \u00e0 la condition qu\u2019une liste soit r\u00e9guli\u00e8rement d\u00e9pos\u00e9e portant un seul candidat, membre de la municipalit\u00e9 \u00e9lue.<\/p>\n<p><span class=\"has-inline-color has-vivid-cyan-blue-color\"><strong>Programme de la journ\u00e9e \u2013 Maison de Commune, le Coll\u00e8ge<\/strong><\/span><\/p>\n<ul>\n<li><strong>09h00 \u00e0 10h00\u00a0\u00a0\u00a0 Ouverture du bureau de vote pour le 1<sup>er<\/sup> tour-municipalit\u00e9<\/strong><\/li>\n<li>10h30 D\u00e9pouillement et proclamation des r\u00e9sultats<\/li>\n<li>11h00 pr\u00e9cises dernier d\u00e9lai de d\u00e9p\u00f4t des listes pour le 2<sup>\u00e8me<\/sup> tour-municipalit\u00e9 aupr\u00e8s du Pr\u00e9sident du bureau<\/li>\n<li><strong>11h30 \u00e0 12h30\u00a0\u00a0\u00a0 Ouverture du bureau de vote pour le 2<sup>\u00e8me<\/sup> tour-municipalit\u00e9<\/strong><\/li>\n<li>13h00 D\u00e9pouillement et proclamation des r\u00e9sultats<\/li>\n<li>13h30 pr\u00e9cises\u00a0dernier d\u00e9lai de d\u00e9p\u00f4t des listes pour le 1er tour-syndic(que) aupr\u00e8s du Pr\u00e9sident du bureau<\/li>\n<li><strong>14h00 \u00e0 15h00\u00a0\u00a0\u00a0 Ouverture du bureau de vote pour le 1er tour-syndic(que)<\/strong><\/li>\n<li>15h30 D\u00e9pouillement et proclamation des r\u00e9sultats<\/li>\n<li>16h00 pr\u00e9cises dernier d\u00e9lai de d\u00e9p\u00f4t des listes pour le 2<sup>\u00e8me<\/sup> tour-syndic(que) aupr\u00e8s du Pr\u00e9sident du bureau<\/li>\n<li><strong>16h30 \u00e0 17h30\u00a0\u00a0\u00a0 Ouverture du bureau de vote pour le 2<sup>\u00e8me<\/sup> tour-syndic(que)<\/strong><\/li>\n<li>18h00 D\u00e9pouillement et proclamation des r\u00e9sultats \u2013 Cl\u00f4ture des op\u00e9rations<\/li>\n<\/ul>\n<p>[\/et_pb_accordion_item][et_pb_accordion_item title=\u00a0\u00bbAgenda des \u00e9lections\u00a0\u00bb _builder_version=\u00a0\u00bb4.16&Prime; _module_preset=\u00a0\u00bbdefault\u00a0\u00bb global_colors_info=\u00a0\u00bb{}\u00a0\u00bb open=\u00a0\u00bboff\u00a0\u00bb]<\/p>\n<table>\n<tbody>\n<tr>\n<td>Date de l\u2019\u00e9lection<\/td>\n<td>Type d\u2019\u00e9lection<\/td>\n<td>D\u00e9p\u00f4t des listes<\/td>\n<td>R\u00e9ceptions par les \u00e9lecteurs<\/td>\n<\/tr>\n<tr>\n<td>07 mars 2021<\/td>\n<td>Municipalit\u00e9 1er tour<\/td>\n<td>18 janvier 2021<\/td>\n<td>08 au 12 f\u00e9vrier 2021<\/td>\n<\/tr>\n<tr>\n<td>07 mars 2021<\/td>\n<td>Municipalit\u00e9 2\u00e8me tour<\/td>\n<td>07 mars 2021<\/td>\n<td>\u2013<\/td>\n<\/tr>\n<tr>\n<td>07 mars 2021<\/td>\n<td>Syndicature 1er tour<\/td>\n<td>07 mars 2021<\/td>\n<td>\u2013<\/td>\n<\/tr>\n<tr>\n<td>07 mars 2021<\/td>\n<td>Syndicature 2 \u00e8me tour<\/td>\n<td>07 mars 2021<\/td>\n<td>\u2013<\/td>\n<\/tr>\n<\/tbody>\n<\/table>\n<p>&nbsp;<\/p>\n<p>[\/et_pb_accordion_item][\/et_pb_accordion][\/et_pb_column_inner][\/et_pb_row_inner][\/et_pb_column][et_pb_column type=\u00a0\u00bb1_4&Prime; _builder_version=\u00a0\u00bb4.16&Prime; custom_padding=\u00a0\u00bb|||\u00a0\u00bb global_colors_info=\u00a0\u00bb{}\u00a0\u00bb custom_padding__hover=\u00a0\u00bb|||\u00a0\u00bb][et_pb_sidebar area=\u00a0\u00bbet_pb_widget_area_12&Prime; _builder_version=\u00a0\u00bb4.16&Prime; _module_preset=\u00a0\u00bbdefault\u00a0\u00bb custom_padding=\u00a0\u00bb12px|||8px|false|false\u00a0\u00bb sticky_position=\u00a0\u00bbtop_bottom\u00a0\u00bb sticky_position_tablet=\u00a0\u00bbnone\u00a0\u00bb sticky_position_phone=\u00a0\u00bb\u00a0\u00bb sticky_position_last_edited=\u00a0\u00bbon|desktop\u00a0\u00bb border_width_all=\u00a0\u00bb1px\u00a0\u00bb border_color_all=\u00a0\u00bb#0C71C3&Prime; global_colors_info=\u00a0\u00bb{}\u00a0\u00bb][\/et_pb_sidebar][\/et_pb_column][\/et_pb_section]<\/p>\n","protected":false},"excerpt":{"rendered":"<p>Elections : Est \u00e9lue 1 Mancino Isabelle 49 Obtiennent des voix 2 Bettens Corine 3 3 Bonzon Olivier 1 4 Zimmermann Julie 1 Electeurs inscrits 105 Participation (%) 52% Bulletins [&hellip;]<\/p>\n","protected":false},"author":1,"featured_media":0,"parent":0,"menu_order":0,"comment_status":"closed","ping_status":"closed","template":"","meta":{"_et_pb_use_builder":"on","_et_pb_old_content":"","_et_gb_content_width":"","footnotes":""},"class_list":["post-517","page","type-page","status-publish","hentry"],"_links":{"self":[{"href":"https:\/\/chavannes-le-veyron.ch\/index.php\/wp-json\/wp\/v2\/pages\/517","targetHints":{"allow":["GET"]}}],"collection":[{"href":"https:\/\/chavannes-le-veyron.ch\/index.php\/wp-json\/wp\/v2\/pages"}],"about":[{"href":"https:\/\/chavannes-le-veyron.ch\/index.php\/wp-json\/wp\/v2\/types\/page"}],"author":[{"embeddable":true,"href":"https:\/\/chavannes-le-veyron.ch\/index.php\/wp-json\/wp\/v2\/users\/1"}],"replies":[{"embeddable":true,"href":"https:\/\/chavannes-le-veyron.ch\/index.php\/wp-json\/wp\/v2\/comments?post=517"}],"version-history":[{"count":13,"href":"https:\/\/chavannes-le-veyron.ch\/index.php\/wp-json\/wp\/v2\/pages\/517\/revisions"}],"predecessor-version":[{"id":1991,"href":"https:\/\/chavannes-le-veyron.ch\/index.php\/wp-json\/wp\/v2\/pages\/517\/revisions\/1991"}],"wp:attachment":[{"href":"https:\/\/chavannes-le-veyron.ch\/index.php\/wp-json\/wp\/v2\/media?parent=517"}],"curies":[{"name":"wp","href":"https:\/\/api.w.org\/{rel}","templated":true}]}}