{"id":66,"date":"2021-05-15T15:23:42","date_gmt":"2021-05-15T13:23:42","guid":{"rendered":"http:\/\/chavannes-le-veyron.ch\/?page_id=66"},"modified":"2024-11-28T11:15:55","modified_gmt":"2024-11-28T10:15:55","slug":"66-2","status":"publish","type":"page","link":"https:\/\/chavannes-le-veyron.ch\/index.php\/66-2\/","title":{"rendered":"Actu Veyron"},"content":{"rendered":"<p>[et_pb_section fb_built=\u00a0\u00bb1&Prime; _builder_version=\u00a0\u00bb4.20.4&Prime; _module_preset=\u00a0\u00bbdefault\u00a0\u00bb background_color=\u00a0\u00bbRGBA(255,255,255,0)\u00a0\u00bb background_image=\u00a0\u00bbhttps:\/\/chavannes-le-veyron.ch\/wp-content\/uploads\/2023\/04\/Pratique-ActuVeyron-DJI_0170-scaled.jpg\u00a0\u00bb background_position=\u00a0\u00bbbottom_right\u00a0\u00bb background_vertical_offset=\u00a0\u00bb5%\u00a0\u00bb height=\u00a0\u00bb345px\u00a0\u00bb global_colors_info=\u00a0\u00bb{}\u00a0\u00bb][\/et_pb_section][et_pb_section fb_built=\u00a0\u00bb1&Prime; _builder_version=\u00a0\u00bb4.16&Prime; _module_preset=\u00a0\u00bbdefault\u00a0\u00bb global_colors_info=\u00a0\u00bb{}\u00a0\u00bb][et_pb_row _builder_version=\u00a0\u00bb4.16&Prime; _module_preset=\u00a0\u00bbdefault\u00a0\u00bb global_colors_info=\u00a0\u00bb{}\u00a0\u00bb][et_pb_column type=\u00a0\u00bb4_4&Prime; _builder_version=\u00a0\u00bb4.16&Prime; _module_preset=\u00a0\u00bbdefault\u00a0\u00bb global_colors_info=\u00a0\u00bb{}\u00a0\u00bb][et_pb_text _builder_version=\u00a0\u00bb4.20.4&Prime; _module_preset=\u00a0\u00bbdefault\u00a0\u00bb global_colors_info=\u00a0\u00bb{}\u00a0\u00bb]<\/p>\n<h1><strong>Actu&rsquo;Veyron<br \/><\/strong><\/h1>\n<p>[\/et_pb_text][et_pb_accordion _builder_version=\u00a0\u00bb4.27.3&Prime; _module_preset=\u00a0\u00bbdefault\u00a0\u00bb hover_enabled=\u00a0\u00bb0&Prime; global_colors_info=\u00a0\u00bb{}\u00a0\u00bb sticky_enabled=\u00a0\u00bb0&Prime;][et_pb_accordion_item title=\u00a0\u00bbACTU&rsquo;VEYRON 01\/24&Prime; open=\u00a0\u00bbon\u00a0\u00bb _builder_version=\u00a0\u00bb4.25.2&Prime; _module_preset=\u00a0\u00bbdefault\u00a0\u00bb global_colors_info=\u00a0\u00bb{}\u00a0\u00bb]<\/p>\n<p><a href=\"https:\/\/chavannes-le-veyron.ch\/wp-content\/uploads\/2024\/06\/2024-ACTUVEYRON_01.pdf\" rel=\"attachment wp-att-2441\">2024 &#8211; ACTU&rsquo;VEYRON_01<\/a><\/p>\n<p>[\/et_pb_accordion_item][et_pb_accordion_item title=\u00a0\u00bbACTU&rsquo;VEYRON 02\/2024&Prime; _builder_version=\u00a0\u00bb4.27.3&Prime; _module_preset=\u00a0\u00bbdefault\u00a0\u00bb hover_enabled=\u00a0\u00bb0&Prime; sticky_enabled=\u00a0\u00bb0&Prime;]<\/p>\n<p><a href=\"https:\/\/chavannes-le-veyron.ch\/wp-content\/uploads\/2024\/11\/2024_ACTUVEYRON-02.pdf\" target=\"_blank\" rel=\"noopener\">ACTU&rsquo;VEYRON 02\/2024<\/a><\/p>\n<p>[\/et_pb_accordion_item][et_pb_accordion_item title=\u00a0\u00bbACTU&rsquo;VEYRON 03\/2024&Prime; _builder_version=\u00a0\u00bb4.27.3&Prime; _module_preset=\u00a0\u00bbdefault\u00a0\u00bb hover_enabled=\u00a0\u00bb0&Prime; sticky_enabled=\u00a0\u00bb0&Prime;]<\/p>\n<p><a href=\"https:\/\/chavannes-le-veyron.ch\/wp-content\/uploads\/2024\/11\/2024_ACTUVEYRON-03.pdf\" rel=\"attachment wp-att-2591\">2024_ACTU&rsquo;VEYRON 03<\/a><\/p>\n<p>[\/et_pb_accordion_item][et_pb_accordion_item title=\u00a0\u00bbACTU&rsquo;VEYRON 02\/23&Prime; _builder_version=\u00a0\u00bb4.25.2&Prime; _module_preset=\u00a0\u00bbdefault\u00a0\u00bb global_colors_info=\u00a0\u00bb{}\u00a0\u00bb open=\u00a0\u00bboff\u00a0\u00bb]<\/p>\n<p><a href=\"https:\/\/chavannes-le-veyron.ch\/wp-content\/uploads\/2024\/06\/2023-ACTUVEYRON_02.pdf\" rel=\"attachment wp-att-2444\">2023 &#8211; ACTU&rsquo;VEYRON_02<\/a><\/p>\n<p>[\/et_pb_accordion_item][et_pb_accordion_item title=\u00a0\u00bbACTU&rsquo;VEYRON 01\/23&Prime; _builder_version=\u00a0\u00bb4.20.4&Prime; _module_preset=\u00a0\u00bbdefault\u00a0\u00bb global_colors_info=\u00a0\u00bb{}\u00a0\u00bb open=\u00a0\u00bboff\u00a0\u00bb]<\/p>\n<p><a href=\"https:\/\/chavannes-le-veyron.ch\/wp-content\/uploads\/2023\/04\/2023-ACTUVEYRON_01.pdf\" rel=\"attachment wp-att-1653\">2023 &#8211; ACTU&rsquo;VEYRON_01<\/a><\/p>\n<p>[\/et_pb_accordion_item][et_pb_accordion_item title=\u00a0\u00bbACTU&rsquo;VEYRON 02\/22&Prime; _builder_version=\u00a0\u00bb4.20.4&Prime; _module_preset=\u00a0\u00bbdefault\u00a0\u00bb global_colors_info=\u00a0\u00bb{}\u00a0\u00bb open=\u00a0\u00bboff\u00a0\u00bb]<\/p>\n<p><a href=\"https:\/\/chavannes-le-veyron.ch\/wp-content\/uploads\/2023\/04\/2022-ACTUVEYRON_01.pdf\" rel=\"attachment wp-att-1651\">2022 &#8211; ACTU&rsquo;VEYRON_01<\/a><\/p>\n<p>[\/et_pb_accordion_item][et_pb_accordion_item title=\u00a0\u00bbACTU&rsquo;VEYRON 01\/22&Prime; _builder_version=\u00a0\u00bb4.20.4&Prime; _module_preset=\u00a0\u00bbdefault\u00a0\u00bb global_colors_info=\u00a0\u00bb{}\u00a0\u00bb open=\u00a0\u00bboff\u00a0\u00bb]<\/p>\n<p><a href=\"https:\/\/chavannes-le-veyron.ch\/wp-content\/uploads\/2023\/04\/2022-ACTUVEYRON_01.pdf\" rel=\"attachment wp-att-1651\">2022 &#8211; ACTU&rsquo;VEYRON_01<\/a><\/p>\n<p>[\/et_pb_accordion_item][et_pb_accordion_item title=\u00a0\u00bbInfo news n\u00b004\/21 &#8211; Chavannes\u00a0\u00bb _builder_version=\u00a0\u00bb4.16&Prime; _module_preset=\u00a0\u00bbdefault\u00a0\u00bb global_colors_info=\u00a0\u00bb{}\u00a0\u00bb open=\u00a0\u00bboff\u00a0\u00bb]Fichier PDF :<\/p>\n<p><a href=\"\/wp-content\/uploads\/2021\/12\/2021-News-04.2021-rectificatif.pdf\" target=\"_blank\" rel=\"noopener\">&#8211; Info News<\/a>[\/et_pb_accordion_item][et_pb_accordion_item title=\u00a0\u00bbInfo news n\u00b003\/21 &#8211; Chavannes\u00a0\u00bb _builder_version=\u00a0\u00bb4.16&Prime; _module_preset=\u00a0\u00bbdefault\u00a0\u00bb global_colors_info=\u00a0\u00bb{}\u00a0\u00bb open=\u00a0\u00bboff\u00a0\u00bb]<\/p>\n<p>Fichier PDF :<\/p>\n<p><a href=\"\/wp-content\/uploads\/2021\/08\/2021-News-03.2021.pdf\" target=\"_blank\" rel=\"noopener\">&#8211; Info News<\/a><\/p>\n<p><a href=\"\/wp-content\/uploads\/2021\/08\/2021-Coup-de-balai.pdf\" target=\"_blank\" rel=\"noopener\">&#8211; Coup de balai<\/a><\/p>\n<p><a href=\"https:\/\/chavannes-le-veyron.ch\/wp-content\/uploads\/2021\/08\/2021-Controle-des-champignons.pdf\" target=\"_blank\" rel=\"noopener\">&#8211; Contr\u00f4le des champignons<\/a> ( site web : <a href=\"https:\/\/www.vapko.ch\/fr\/\">https:\/\/www.vapko.ch\/fr\/<\/a> )<\/p>\n<p><a href=\"\/wp-content\/uploads\/2021\/08\/Vol_mesure_2021.pdf\" target=\"_blank\" rel=\"noopener\">&#8211; Vols de mesure de la radioactivit\u00e9<\/a><\/p>\n<p><a href=\"\/wp-content\/uploads\/2021\/08\/Repartition-Dicasteres-2021-2026.pdf\" target=\"_blank\" rel=\"noopener\">&#8211; R\u00e9partition Dicast\u00e8res 2021-2026<\/a><\/p>\n<p>[\/et_pb_accordion_item][et_pb_accordion_item title=\u00a0\u00bbInfo news n\u00b0 02\/21 \u2013 Chavannes\u00a0\u00bb _builder_version=\u00a0\u00bb4.16&Prime; _module_preset=\u00a0\u00bbdefault\u00a0\u00bb global_colors_info=\u00a0\u00bb{}\u00a0\u00bb open=\u00a0\u00bboff\u00a0\u00bb]<\/p>\n<p>Fichier PDF :<\/p>\n<p>\u00ab <a href=\"\/wp-content\/uploads\/2021\/06\/News_02.2021.pdf\" target=\"_blank\" rel=\"noopener\">L\u2019info News<\/a> \u00bb<\/p>\n<p>\u00ab <a href=\"\/wp-content\/uploads\/2021\/06\/Fete_de_la_Nature.pdf\" target=\"_blank\" rel=\"noopener\">La F\u00eate de la nature<\/a> \u00bb<\/p>\n<p>[\/et_pb_accordion_item][et_pb_accordion_item title=\u00a0\u00bbInfo news n\u00b0 01\/21 \u2013 Chavannes\u00a0\u00bb _builder_version=\u00a0\u00bb4.16&Prime; _module_preset=\u00a0\u00bbdefault\u00a0\u00bb global_colors_info=\u00a0\u00bb{}\u00a0\u00bb open=\u00a0\u00bboff\u00a0\u00bb]<\/p>\n<div class=\"entry-content\">\n<p><strong>Assermentations des autorit\u00e9s communales<\/strong><\/p>\n<p>L\u2019installation des autorit\u00e9s communales, en pr\u00e9sence de Madame la Pr\u00e9f\u00e8te, Andr\u00e9a Arn, aura lieu le:<br \/>Mardi 23 mars 2021 \u00e0 18h30 en l\u2019Eglise de Chavannes-le-Veyron<br \/>Les documents y relatifs suivront.<\/p>\n<p>Au vu des conditions sanitaires \u00e0 respecter, le port du masque sera obligatoire. Merci d\u2019avance.<br \/>Nous comptons sur votre participation.<\/p>\n<p><strong>D\u00e9chetterie \u2013 Nouveaux Horaires d\u00e8s le 10 avril 2021<\/strong><\/p>\n<div class=\"wp-block-image\">\n<figure class=\"alignleft size-large is-resized\"><img loading=\"lazy\" decoding=\"async\" src=\"https:\/\/chavannes-le-veyron.ch\/wp-content\/uploads\/2021\/07\/poubelle-300x225.jpg\" alt=\"\" class=\"wp-image-928 alignnone size-medium\" width=\"300\" height=\"225\" \/><\/figure>\n<\/div>\n<p>La Municipalit\u00e9, en sa s\u00e9ance du 15 f\u00e9vrier 2021 et en accord, avec la Municipalit\u00e9 de Mauraz a d\u00e9cid\u00e9 de changer les horaires actuels d\u2019ouverture et ce, d\u00e8s le 10 avril 2021.<br \/>En effet, afin d\u2019\u00e9quilibrer les comptes de la d\u00e9chetterie et pour \u00e9viter une augmentation de la taxe, elle sera ouverte un samedi sur deux et ferm\u00e9e tous les mercredis.<br \/>Nous vous avons mis en annexe de cet Info News, le <a href=\"http:\/\/www.chavannes-le-veyron.ch\/infos\/dechetterie_2021.pdf\" data-type=\"URL\" data-id=\"http:\/\/www.chavannes-le-veyron.ch\/infos\/dechetterie_2021.pdf\" target=\"_blank\" rel=\"noreferrer noopener\">calendrier<\/a> des ouvertures de la d\u00e9chetterie.<br \/>Nous vous remercions d\u00e9j\u00e0 d\u2019en prendre bonne note.<\/p>\n<p><strong><\/strong><\/p>\n<p><strong><\/strong><\/p>\n<p><strong><\/strong><\/p>\n<p><strong>Recensement des chiens<\/strong><\/p>\n<div class=\"wp-block-image\">\n<figure class=\"alignleft size-large is-resized\"><img loading=\"lazy\" decoding=\"async\" src=\"https:\/\/chavannes-le-veyron.ch\/wp-content\/uploads\/2021\/07\/chien.jpg\" alt=\"\" class=\"wp-image-927 alignnone size-full\" width=\"236\" height=\"184\" \/><\/figure>\n<\/div>\n<p>Merci aux propri\u00e9taires de chiens de bien vouloir annoncer \u00e0 l\u2019administration communale jusqu\u2019au vendredi 12 mars 2021 :<\/p>\n<p>\u2022 Les chiens achet\u00e9s ou re\u00e7us en 2020<br \/>\u2022 Les chiens n\u00e9s en 2020 et rest\u00e9s en leur possession<br \/>\u2022 Les chiens morts, donn\u00e9s ou vendus en 2020<br \/>\u2022 Les chiens qui n\u2019auraient pas \u00e9t\u00e9 annonc\u00e9s<\/p>\n<p>Les chiens d\u00e9j\u00e0 inscrits en 2020 et rest\u00e9s chez le m\u00eame propri\u00e9taire sont inscrits d\u2019office ; il n\u2019est donc pas n\u00e9cessaire de les inscrire \u00e0 nouveau. Nous rappelons que toute acquisition d\u2019un chien en cours d\u2019ann\u00e9e doit \u00eatre annonc\u00e9e, dans un d\u00e9lai de quinze jours, par son propri\u00e9taire ou d\u00e9tenteur.<\/p>\n<p class=\"has-text-align-right\">La Municipalit\u00e9<\/p>\n<\/div>\n<p>[\/et_pb_accordion_item][et_pb_accordion_item title=\u00a0\u00bbInfo \u2013 Service dentaire scolaire &#8211; 27.01.2021&Prime; _builder_version=\u00a0\u00bb4.16&Prime; _module_preset=\u00a0\u00bbdefault\u00a0\u00bb global_colors_info=\u00a0\u00bb{}\u00a0\u00bb open=\u00a0\u00bboff\u00a0\u00bb]<\/p>\n<div class=\"entry-content\">\n<p>Concerne\u00a0: <strong><a href=\"http:\/\/www.chavannes-le-veyron.ch\/infos\/service_dentaire.pdf\" data-type=\"URL\" data-id=\"http:\/\/www.chavannes-le-veyron.ch\/infos\/service_dentaire.pdf\" target=\"_blank\" rel=\"noreferrer noopener\">Crise COVID-19 : suspension d\u00e9pistages dans tout le canton de Vaud<\/a><\/strong><\/p>\n<p>Mesdames, Messieurs,<\/p>\n<p>Par la pr\u00e9sente, nous avons le regret de vous annoncer ce qui suit\u00a0:<\/p>\n<p>Le 15 janvier dernier, compte tenu du contexte \u00e9pid\u00e9miologique exceptionnel, et en accord avec le M\u00e9decin cantonal, les services cantonaux ont d\u00e9cid\u00e9 que les d\u00e9pistages dentaires scolaires doivent \u00eatre suspendus dans le canton de Vaud pour les prochaines semaines afin de contribuer \u00e0 la maitrise de la propagation des nouvelles variantes de coronavirus.<\/p>\n<p>Sauf \u00e9volution d\u00e9favorable, les d\u00e9pistages dentaires scolaires pourront reprendre entre fin mars et d\u00e9but avril. Une information circonstanci\u00e9e suivra.<\/p>\n<p>Par contre, les soins dentaires planifi\u00e9s ou les nouveaux besoins identifi\u00e9s\u00a0doivent se poursuivre.<\/p>\n<p>Cela implique pour notre service dentaire scolaire que la caravane reste sur l\u2019emplacement du Coll\u00e8ge Emile Gardaz, \u00e0 Court-Champs. Un nouveau planning sera \u00e9tabli pour la suite des d\u00e9placements de la caravane et des d\u00e9pistages jusqu\u2019\u00e0 la fin de l\u2019ann\u00e9e scolaire en cours. Il vous sera communiqu\u00e9 d\u00e8s que possible afin de permettre aux secr\u00e9tariats la r\u00e9organisation du tournus des classes<\/p>\n<p>Les soins planifi\u00e9s ou en urgence seront prodigu\u00e9s sur le site actuel. Les parents peuvent sans autre s\u2019adresser \u00e0 l\u2019\u00e9quipe en cas de besoins ou de questions.<\/p>\n<p>Toute l\u2019\u00e9quipe reste \u00e0 disposition aux contacts habituels.<\/p>\n<p>En vous remerciant pour votre pr\u00e9cieuse collaboration de longue date, nous vous prions d\u2019accepter, Mesdames, Messieurs, nos meilleures salutations ainsi que nos v\u0153ux de sant\u00e9.<\/p>\n<p>Service Dentaire Scolaire<\/p>\n<p>Intercommunal du Gros-De-Vaud<\/p>\n<\/div>\n<p>[\/et_pb_accordion_item][et_pb_accordion_item title=\u00a0\u00bbInfo news N\u00b009\/20 \u2013 Chavannes\u00a0\u00bb _builder_version=\u00a0\u00bb4.16&Prime; _module_preset=\u00a0\u00bbdefault\u00a0\u00bb global_colors_info=\u00a0\u00bb{}\u00a0\u00bb open=\u00a0\u00bboff\u00a0\u00bb]<\/p>\n<div class=\"entry-content\">\n<div class=\"wp-block-media-text alignwide is-stacked-on-mobile\" style=\"grid-template-columns: 23% auto;\">\n<figure class=\"wp-block-media-text__media\"><img loading=\"lazy\" decoding=\"async\" src=\"https:\/\/chavannes-le-veyron.ch\/wp-content\/uploads\/2021\/07\/cine_seniors.jpg\" alt=\"\" class=\"wp-image-912 alignnone size-full\" width=\"130\" height=\"118\" \/><\/figure>\n<div class=\"wp-block-media-text__content\">\n<p><strong><a href=\"https:\/\/90530863-49b6-448b-b658-52774a3d33a2.filesusr.com\/ugd\/acae7c_b41df1770c0948b493956df156b6d4ac.pdf\" target=\"_blank\" rel=\"noreferrer noopener\">Cin\u00e9 S\u00e9niors<\/a><\/strong><\/p>\n<p>Dans le cadre des projections \u00ab\u00a0cin\u00e9-s\u00e9niors\u00a0\u00bb, la Commune met \u00e0 disposition des habitants deux cartes qui sont \u00e0 retirer aupr\u00e8s de M. <strong>Philippe Caillat,<\/strong> rue du Pav\u00e9 4, ( 021 861 14 26. <strong>Celles-ci seront restitu\u00e9es le lendemain sans faute \u00e0 l\u2019adresse du susmentionn\u00e9.<\/strong><\/p>\n<p>Vous avez \u00e9galement la possibilit\u00e9 d\u2019acheter des billets le jour de la projection au prix de CHF 10.00 \u00e0 la caisse du cin\u00e9ma directement. Pour plus d\u2019informations\u00a0:<\/p>\n<p><a href=\"https:\/\/www.aacc.ch\/cine-seniors\" target=\"_blank\" rel=\"noreferrer noopener\">Cin\u00e9ma de Cossonay<\/a><\/p>\n<\/div>\n<\/div>\n<div class=\"wp-block-media-text alignwide has-media-on-the-right is-stacked-on-mobile\" style=\"grid-template-columns: auto 40%;\">\n<figure class=\"wp-block-media-text__media\"><img loading=\"lazy\" decoding=\"async\" src=\"https:\/\/chavannes-le-veyron.ch\/wp-content\/uploads\/2021\/07\/teleski-300x222.png\" alt=\"\" class=\"wp-image-910 alignnone size-medium\" width=\"300\" height=\"222\" \/><\/figure>\n<div class=\"wp-block-media-text__content\">\n<p><strong>T\u00e9l\u00e9ski du Lac de Joux L\u2019Abbaye<\/strong><\/p>\n<p>Comme l\u2019ann\u00e9e derni\u00e8re, la Commune met \u00e0 disposition des habitants deux cartes journali\u00e8res qui sont \u00e0 retirer aupr\u00e8s de <strong>Marc Vial<\/strong>, Route du Mont de May 1 ( 079 797 73 04.<strong> Celles-ci seront restitu\u00e9es le lendemain sans faute \u00e0 l\u2019adresse du susmentionn\u00e9.<\/strong> Nous esp\u00e9rons que vous allez profiter de cette opportunit\u00e9 pour d\u00e9valer les pistes de notre r\u00e9gion<\/p>\n<\/div>\n<\/div>\n<div class=\"wp-block-media-text alignwide is-stacked-on-mobile\" style=\"grid-template-columns: 33% auto;\">\n<figure class=\"wp-block-media-text__media\"><img loading=\"lazy\" decoding=\"async\" src=\"https:\/\/chavannes-le-veyron.ch\/wp-content\/uploads\/2021\/07\/Image3.png\" alt=\"\" class=\"wp-image-953 alignnone size-full\" width=\"254\" height=\"156\" \/><\/figure>\n<div class=\"wp-block-media-text__content\">\n<p><strong>Cartes journali\u00e8res CFF<\/strong><\/p>\n<p>Dans le cadre du groupement des communes de Cossonay, La Chaux, Cottens, Cuarnens, Dizy, Gollion, Grancy, Senarclens, Vuillierens, vous avez la possibilit\u00e9 d\u2019acheter des cartes journali\u00e8res aupr\u00e8s de la Commune de Cossonay au prix de\u00a0:<\/p>\n<p>CHF 40.\u2013\u00a0\u00a0 pour les habitants de Chavannes-le-Veyron<\/p>\n<p>CHF 45.\u2013 \u00a0 pour les habitants d\u2019autres communes<\/p>\n<p>Les cartes non vendues au jour pr\u00e9vu pour leur usage peuvent \u00eatre obtenues \u00e0 moiti\u00e9 prix.<\/p>\n<p>La r\u00e9servation est conseill\u00e9e ( 021 863 22 00 ou <a href=\"http:\/\/www.cossonay.ch\">www.cossonay.ch<\/a>.<\/p>\n<\/div>\n<\/div>\n<p><strong>Sapins de No\u00ebl et branches<\/strong><\/p>\n<p>Venez choisir votre sapin de No\u00ebl sur place et emportez-le directement, le<\/p>\n<p class=\"has-text-align-center\"><strong>Samedi 12 d\u00e9cembre 2020 de 09h00 \u00e0 11h00<\/strong><\/p>\n<p class=\"has-text-align-left\">Il vous est offert par la Commune.<br \/>Sous r\u00e9serve des restrictions sanitaires impos\u00e9es par la pand\u00e9mie, Festi\u2019Veyron sera pr\u00e9sent pour vous servir le verre de l\u2019amiti\u00e9.<\/p>\n<p>Des branches de sapin sont \u00e0 disposition. Depuis le refuge, suivre le chemin en direction de Mauraz; elles sont derri\u00e8re le d\u00e9p\u00f4t \u00e0 bois.<\/p>\n<p>Pour tout compl\u00e9ment d\u2019information, vous pouvez contacter Marc Vial, 079 797 73 04.<\/p>\n<div class=\"wp-block-media-text alignwide has-media-on-the-right is-stacked-on-mobile\" style=\"grid-template-columns: auto 17%;\">\n<figure class=\"wp-block-media-text__media\"><img loading=\"lazy\" decoding=\"async\" src=\"https:\/\/chavannes-le-veyron.ch\/wp-content\/uploads\/2021\/07\/Image4.png\" alt=\"\" class=\"wp-image-952 alignnone size-full\" width=\"92\" height=\"91\" \/><\/figure>\n<div class=\"wp-block-media-text__content\">\n<p><strong>No\u00ebl de Chavannes<\/strong><\/p>\n<p>Vous \u00eates invit\u00e9s \u00e0 parcourir le village, jeudi 24 d\u00e9cembre au soir et \u00e0 participer au concours des plus belles Fen\u00eatres de l\u2019Avent.<\/p>\n<p>Dans ce cadre, Festi\u2019Veyron vous proposera, si possible, une verr\u00e9e \u00e0 la fontaine du 21-Juin, conform\u00e9ment aux normes sanitaires en vigueur.<\/p>\n<\/div>\n<\/div>\n<h5>Factures 2020 :<\/h5>\n<p>Les personnes concern\u00e9es par des factures \u00e0 faire valoir aupr\u00e8s de la commune sont pri\u00e9es de les faire parvenir \u00e0 Jean-Luc Reymond, Syndic d\u2019ici au <strong>10 d\u00e9cembre 2020 \u00e0 midi<\/strong>.<\/p>\n<p>Comptes communaux : <strong>31 d\u00e9cembre 2020 de 09h00 \u00e0 11h30<\/strong><\/p>\n<h5>D\u00e9chetterie \u2013 Horaires de fin et d\u00e9but d\u2019ann\u00e9e :<\/h5>\n<p>La d\u00e9chetterie sera :<\/p>\n<ul>\n<li><strong>Ferm\u00e9e le samedi 26 d\u00e9cembre 2020 \u2013 ouverte le mercredi 30 d\u00e9cembre de 17h00 \u00e0 19h00<\/strong><\/li>\n<li><strong>Ferm\u00e9e le samedi 02 janvier 2021 \u2013 ouverte le mercredi 06 janvier de 17h00 \u00e0 19h00<\/strong><\/li>\n<\/ul>\n<p class=\"has-text-align-right\">La Municipalit\u00e9<\/p>\n<\/div>\n<p>[\/et_pb_accordion_item][et_pb_accordion_item title=\u00a0\u00bbInfo news N\u00b008\/20 \u2013 Chavannes\u00a0\u00bb _builder_version=\u00a0\u00bb4.16&Prime; _module_preset=\u00a0\u00bbdefault\u00a0\u00bb global_colors_info=\u00a0\u00bb{}\u00a0\u00bb open=\u00a0\u00bboff\u00a0\u00bb]<\/p>\n<p>Chers Habitantes et Habitants,<\/p>\n<p>Vu la situation extraordinaire que nous vivons, voici les informations concernant nos prochaines r\u00e9unions communales pour fin 2020 et d\u00e9but 2021 :<\/p>\n<h4>Conseil G\u00e9n\u00e9ral :<\/h4>\n<p>Le Conseil g\u00e9n\u00e9ral du <strong>lundi 7 d\u00e9cembre 2020 \u00e0 20h00<\/strong> se d\u00e9roulera selon les normes sanitaires en vigueur et aura lieu :\u00a0 <strong>A l\u2019 \u00e9glise<\/strong><\/p>\n<h4>Assembl\u00e9e de commune :<\/h4>\n<p>En vue des \u00e9lections communales au sein de la Municipalit\u00e9, qui auront lieu le <strong>dimanche 7 mars<\/strong> <strong>2021<\/strong>, nous vous invitons \u00e0 participer \u00e0 une assembl\u00e9e de commune qui se d\u00e9roulera le : <strong>Lundi 04 janvier 2021 \u00e0 l\u2019\u00e9glise<\/strong><\/p>\n<p>Nous sommes un petit village et souhaitons garder notre ind\u00e9pendance et un esprit familial comme nous l\u2019avons toujours connu. Nous comptons sur votre participation.<\/p>\n<p>Lors de cette assembl\u00e9e, la Municipalit\u00e9 sera pr\u00e9sente pour vous donner de plus amples informations sur la fonction.<\/p>\n<p>Les candidat(e)s int\u00e9ress\u00e9(e)s peuvent toutefois demander aupr\u00e8s de la greffe, la liste de candidature. Cette derni\u00e8re devra \u00eatre sign\u00e9e par un mandataire, un suppl\u00e9ant, trois parrains et d\u00e9pos\u00e9e aupr\u00e8s de la greffe <strong>du lundi 11 janvier au<\/strong> <strong>lundi 18 janvier 2021 \u00e0 12h00<\/strong>.<\/p>\n<p>La Municipalit\u00e9 reste volontiers \u00e0 votre disposition pour toute question et information \u00e0 ce sujet.<\/p>\n<p>M. Jean-Luc Reymond, Syndic 079 207.84.32 \u2013 Greffe municipale 079 650.02.07<\/p>\n<h4>Elections communales :<\/h4>\n<p>Les \u00e9lections communales au sein de la Municipalit\u00e9 auront lieu le : <strong>Dimanche 7 mars 2021<\/strong><\/p>\n<p>R\u00e9servez d\u2019ores et d\u00e9j\u00e0 ces dates dans votre agenda.<\/p>\n<p style=\"text-align: right;\">La Municipalit\u00e9<\/p>\n<p>[\/et_pb_accordion_item][et_pb_accordion_item title=\u00a0\u00bbInfo news N\u00b07\/20 \u2013 Chavannes\u00a0\u00bb _builder_version=\u00a0\u00bb4.16&Prime; _module_preset=\u00a0\u00bbdefault\u00a0\u00bb global_colors_info=\u00a0\u00bb{}\u00a0\u00bb open=\u00a0\u00bboff\u00a0\u00bb]<\/p>\n<h2><img loading=\"lazy\" decoding=\"async\" src=\"https:\/\/chavannes-le-veyron.ch\/wp-content\/uploads\/2021\/07\/Village-08-768x1024-1-225x300.jpg\" alt=\"\" class=\"wp-image-946 size-medium\" width=\"225\" height=\"300\" \/><\/h2>\n<h2>Chers habitantes et habitants,<\/h2>\n<p>Suite aux travaux de r\u00e9novation effectu\u00e9s sur le mouvement de la nouvelle horloge de l\u2019\u00e9glise, la Municipalit\u00e9 a le plaisir de vous convier \u00e0 son inauguration,<\/p>\n<p>le SAMEDI 17 OCTOBRE 2020 DE 10H00 A 13H00.<\/p>\n<p>Un ap\u00e9ritif vous sera servi pendant ce moment convivial.<\/p>\n<p>Pour des raisons sanitaires, les visites s\u2019effectueront \u00e0 5 personnes maximum. Masques et d\u00e9sinfectant seront \u00e0 votre disposition.<\/p>\n<p>En esp\u00e9rant vous voir nombreux durant ce samedi automnal, prenez soin de vous d\u2019ici l\u00e0 !<\/p>\n<p>&nbsp;<\/p>\n<p style=\"text-align: right;\">La Municipalit\u00e9<\/p>\n<p>[\/et_pb_accordion_item][et_pb_accordion_item title=\u00a0\u00bbAnalyses de l\u2019eau &#8211; 25.09.2020&Prime; _builder_version=\u00a0\u00bb4.16&Prime; _module_preset=\u00a0\u00bbdefault\u00a0\u00bb global_colors_info=\u00a0\u00bb{}\u00a0\u00bb open=\u00a0\u00bboff\u00a0\u00bb]<\/p>\n<p>Vous pouvez consultez les analyses de la qualit\u00e9 de l\u2019eau de la commune en cliquant sur les liens suivants :<\/p>\n<p><a href=\"\/wp-content\/uploads\/2021\/06\/Analyses_physico_chimie-13_07_20.pdf\" target=\"_blank\" rel=\"noopener\">Analyses microbiologiques 13.07.2020<\/a><\/p>\n<p><a href=\"\/wp-content\/uploads\/2021\/06\/Analyses_microbiologiques_13_07_20.pdf\" target=\"_blank\" rel=\"noopener\">Analyses physico_chimie 13.07.2020<\/a><\/p>\n<p>[\/et_pb_accordion_item][et_pb_accordion_item title=\u00a0\u00bbContr\u00f4le des champignons &#8211; 26.08.2020&Prime; _builder_version=\u00a0\u00bb4.16&Prime; _module_preset=\u00a0\u00bbdefault\u00a0\u00bb global_colors_info=\u00a0\u00bb{}\u00a0\u00bb open=\u00a0\u00bboff\u00a0\u00bb]<\/p>\n<div class=\"entry-content\">\n<p>Du 17 ao\u00fbt au 02 novembre 2020<\/p>\n<p>Les samedis et lundis de 17h00 \u00e0 18h00 <strong>(except\u00e9 le lundi 21 septembre 2020)<\/strong><\/p>\n<p>Au coll\u00e8ge des Chavannes \u00e0 Cossonay T\u00e9l. 021\/861.04.95<\/p>\n<p>Les contr\u00f4les sont gratuits !<\/p>\n<p><img loading=\"lazy\" decoding=\"async\" src=\"https:\/\/chavannes-le-veyron.ch\/wp-content\/uploads\/2021\/07\/chavannes_college-300x245.jpg\" alt=\"\" class=\"wp-image-943 alignnone size-medium\" width=\"598\" height=\"488\" srcset=\"https:\/\/chavannes-le-veyron.ch\/wp-content\/uploads\/2021\/07\/chavannes_college-300x245.jpg 598w, https:\/\/chavannes-le-veyron.ch\/wp-content\/uploads\/2021\/07\/chavannes_college-480x392.jpg 480w\" sizes=\"(min-width: 0px) and (max-width: 480px) 480px, (min-width: 481px) 598px, 100vw\" \/><\/p>\n<p>Vous pouvez \u00e9galement consulter le site internet <a href=\"https:\/\/www.vapko.ch\/fr\/\" target=\"_blank\" rel=\"noreferrer noopener\" aria-label=\" (s\u2019ouvre dans un nouvel onglet)\">www.vapko.ch <\/a>o\u00f9 vous trouverez de nombreux renseignements relatifs aux champignons.<\/p>\n<\/div>\n<p>[\/et_pb_accordion_item][et_pb_accordion_item title=\u00a0\u00bbInfo news N\u00b006\/20 Chavannes\u00a0\u00bb _builder_version=\u00a0\u00bb4.16&Prime; _module_preset=\u00a0\u00bbdefault\u00a0\u00bb global_colors_info=\u00a0\u00bb{}\u00a0\u00bb open=\u00a0\u00bboff\u00a0\u00bb]<\/p>\n<p>A la suite de l\u2019\u00e9lection du 27 juillet 2020, de notre nouveau Municipal, en la personne de<strong>\u00a0J\u00e9r\u00f4me Girardin<\/strong>, nous avons le plaisir de vous convier le,<\/p>\n<p><strong>Dimanche 23 ao\u00fbt 2020 \u00e0 11h00 \u00e0 la salle villageoise<\/strong><\/p>\n<p>O\u00f9 le Pr\u00e9sident du Conseil, Monsieur Christophe Longchamp, vous le pr\u00e9sentera officiellement.<\/p>\n<p>Un ap\u00e9ritif suivra \u00e0 l\u2019issue de la r\u00e9ception.<\/p>\n<p>Pour ceux qui le d\u00e9sirent, la Soci\u00e9t\u00e9 de Tir de Chavannes-le-Veyron organise sa traditionnelle broche d\u00e8s midi au refuge. Elle aura le plaisir de vous servir.<\/p>\n<p>Broche \u2013 Salades \u2013 Caf\u00e9 \u2013 Glace<\/p>\n<p><img loading=\"lazy\" decoding=\"async\" src=\"https:\/\/chavannes-le-veyron.ch\/wp-content\/uploads\/2021\/07\/broche-200x140-1.png\" alt=\"\" class=\"wp-image-955 alignnone size-full\" width=\"200\" height=\"140\" \/><\/p>\n<p>Inutile de prendre votre vaisselle, vous trouverez tout sur place.<\/p>\n<p>Le repas se faisant sans inscription, une fois sur place, merci de vous rendre vers la caissi\u00e8re du Tir, afin d\u2019acqu\u00e9rir votre coupon repas.<\/p>\n<p>Pour plus d\u2019informations, vous pouvez vous adresser aupr\u00e8s du Pr\u00e9sident du Tir, David Zimmerman, au 079\u00a0662 76 00<\/p>\n<h2>D\u00e9chetterie<\/h2>\n<h2><\/h2>\n<p>La d\u00e9chetterie comme annonc\u00e9 pr\u00e9c\u00e9demment, sera ouverte le mercredi 19 ao\u00fbt 2020 de 17h00 \u00e0 19h00. Cependant, comme les tirs n\u2019auront pas lieu durant ce prochain weekend, la d\u00e9chetterie sera \u00a0<strong>OUVERTE<\/strong> le samedi 22 ao\u00fbt 2020.<\/p>\n<p>Au plaisir de vous retrouver nombreux lors de cette journ\u00e9e, la Soci\u00e9t\u00e9 de Tir ainsi que la \u00a0Municipalit\u00e9 vous adressent leurs chaleureuses salutations.<\/p>\n<p>[\/et_pb_accordion_item][et_pb_accordion_item title=\u00a0\u00bbInfo d\u00e9chetterie &#8211; 22.07.2020&Prime; _builder_version=\u00a0\u00bb4.16&Prime; _module_preset=\u00a0\u00bbdefault\u00a0\u00bb global_colors_info=\u00a0\u00bb{}\u00a0\u00bb open=\u00a0\u00bboff\u00a0\u00bb]<\/p>\n<div class=\"entry-content\">\n<p>En raison de la F\u00eate du 1<sup>er<\/sup> ao\u00fbt qui, cette ann\u00e9e a lieu un samedi, la d\u00e9chetterie sera ferm\u00e9e.<\/p>\n<p>Elle sera ouverte une heure de plus le mercredi 29 juillet 2020, soit de 17h00 \u00e0 19h00<\/p>\n<p>Elle sera \u00e9galement ferm\u00e9e le samedi 22 ao\u00fbt en raison des tirs de cl\u00f4ture organis\u00e9s par la Soci\u00e9t\u00e9 de Tir de la commune, par cons\u00e9quent le mercredi 19 ao\u00fbt la d\u00e9chetterie sera ouverte de 17h00 \u00e0 19h00.<\/p>\n<p>&nbsp;<\/p>\n<p style=\"text-align: right;\">La Municipalit\u00e9<\/p>\n<\/div>\n<p>[\/et_pb_accordion_item][et_pb_accordion_item title=\u00a0\u00bbInfo news N\u00b05\/20 \u2013 Chavannes\u00a0\u00bb _builder_version=\u00a0\u00bb4.16&Prime; _module_preset=\u00a0\u00bbdefault\u00a0\u00bb global_colors_info=\u00a0\u00bb{}\u00a0\u00bb open=\u00a0\u00bboff\u00a0\u00bb]<\/p>\n<p>Chers habitantes et habitants,<br \/>Nous avons le plaisir de vous communiquer, les dates des \u00e9v\u00e8nements, qui se d\u00e9rouleront prochainement dans notre village :<\/p>\n<h2>Dimanche 21 juin 2020 Je\u00fbne de Chavannes<\/h2>\n<ul>\n<li>10h00 Culte de Repentance<\/li>\n<li>11h00 Ap\u00e9ritif offert par la Commune et servi par Festi`Veyron \u00e0 la place du 21 juin<\/li>\n<li>12h00 Moment convivial o\u00f9 chacun pourra apporter son repas. Plusieurs grils seront mis \u00e0 disposition, tout en respectant la distance sociale, selon les mesures sanitaires COVID. Merci de prendre vos couverts et vaisselle. Des boissons seront vendues par Festi\u2019Veyron.<br \/>Pour une question de logistique des tables, merci de bien vouloir vous inscrire jusqu\u2019au 19 juin au plus tard, soit par mail : adm@chavannes-le-veyron.ch ou au secr\u00e9tariat communal<br \/>\uf028 079 650 02 07, en nous indiquant le nombre de participants.<br \/><strong>En cas de pluie, repas annul\u00e9<\/strong><\/li>\n<li>14h30 Culte de Louanges<\/li>\n<\/ul>\n<p>Cette journ\u00e9e est ouverte \u00e0 tous, habitants de Chavannes, familles, amis.<br \/>Si seuls l\u2019ap\u00e9ritif et le repas vous tentent, n\u2019h\u00e9sitez pas \u00e0 nous rejoindre !!!<\/p>\n<h2>Samedi 1 ao\u00fbt 2020 F\u00eate Nationale maintenue<\/h2>\n<p>19h00 Rendez-vous devant le coll\u00e8ge avec vos lampions \u2013 Cort\u00e8ge jusqu\u2019au feu. Festi\u2019Veyron aura le plaisir de vous servir le repas et les boissons moyennant une petite finance.<\/p>\n<h2>Rappel \u00e0 la population :<\/h2>\n<p>La Municipalit\u00e9 a remarqu\u00e9 que le comportement de certains enfants sur la voie publique et sur le terrain priv\u00e9 d\u2019autrui est inappropri\u00e9.<br \/>Merci aux parents de bien vouloir leur expliquer que la route peut receler des dangers insoup\u00e7onn\u00e9s et que le domaine priv\u00e9 n\u2019est pas une place de jeux. Merci d\u2019avance de votre collaboration et de votre compr\u00e9hension.<\/p>\n<p style=\"text-align: right;\">La Municipalit\u00e9<\/p>\n<p>[\/et_pb_accordion_item][et_pb_accordion_item title=\u00a0\u00bbInfo news N\u00b04\/20 \u2013 Chavannes\u00a0\u00bb _builder_version=\u00a0\u00bb4.16&Prime; _module_preset=\u00a0\u00bbdefault\u00a0\u00bb global_colors_info=\u00a0\u00bb{}\u00a0\u00bb open=\u00a0\u00bboff\u00a0\u00bb]<\/p>\n<p>Chers Habitantes et Habitants,<\/p>\n<p><strong>\u00a0<\/strong>Suite aux excellentes nouvelles du 27 mai 2020 du Conseil f\u00e9d\u00e9ral avec un assouplissement des mesures sanitaires, nous pouvons reprendre le cours de nos activit\u00e9s communales\u00a0:<\/p>\n<h2>Assembl\u00e9e de commune<\/h2>\n<p>A la suite de la d\u00e9mission de M. Jean-Louis Steffen et dans le cadre d\u2019une \u00e9lection compl\u00e9mentaire au sein de la Municipalit\u00e9 qui aura lieu le dimanche 23 ao\u00fbt 2020, nous vous invitons \u00e0 participer \u00e0 une assembl\u00e9e de commune qui se d\u00e9roulera le\u00a0:<\/p>\n<p><strong>Lundi 29 juin 2020 \u00e0 19h30 <\/strong> <strong>dans le hangar de M. Pascal Zimmermann \u2013 en face de l\u2019\u00e9glise<\/strong><\/p>\n<p>Nous sommes un petit village et souhaitons garder notre ind\u00e9pendance et un esprit familial comme nous l\u2019avons toujours connu. Nous comptons sur votre participation.<\/p>\n<p>Lors de cette assembl\u00e9e, la Municipalit\u00e9 sera pr\u00e9sente pour vous donner de plus amples informations sur la fonction.<\/p>\n<p>Les candidats int\u00e9ress\u00e9s peuvent toutefois demander aupr\u00e8s de la greffe, la liste de candidature. Cette derni\u00e8re devra \u00eatre sign\u00e9e par un mandataire, un suppl\u00e9ant, trois parrains et d\u00e9pos\u00e9e aupr\u00e8s de la greffe avant le <strong>lundi 27 juillet 2020 \u00e0 12h00<\/strong>.<\/p>\n<p>La Municipalit\u00e9 reste volontiers \u00e0 votre disposition pour toute question et information \u00e0 ce sujet.<\/p>\n<p>M. Jean-Luc Reymond, Syndic ( 079<strong> <\/strong>207 84 32 )\u00a0 \u2013\u00a0 Greffe municipale, ( 079 650 02 07 )<\/p>\n<h2>Conseil G\u00e9n\u00e9ral<\/h2>\n<p>Le Conseil g\u00e9n\u00e9ral initialement pr\u00e9vu le 2 juin 2020 \u00e0 20h00 est report\u00e9 au\u00a0:<\/p>\n<p><strong>Lundi 29 juin 2020 \u00e0 20h00<\/strong> <strong>dans le hangar de M. Pascal Zimmermann \u2013 en face de l\u2019\u00e9glise<\/strong><\/p>\n<h2>Election<\/h2>\n<p>L\u2019\u00e9lection compl\u00e9mentaire d\u2019un nouveau Municipal aura lieu le\u00a0:<\/p>\n<p><strong>Dimanche 23 ao\u00fbt 2020 avec les horaires habituels<\/strong><\/p>\n<p>Les prochaines manifestations qui auront lieu dans notre village vous seront transmises dans un futur Info News. R\u00e9servez d\u2019ores et d\u00e9j\u00e0 ces dates dans votre agenda<\/p>\n<p style=\"text-align: right;\">La Municipalit\u00e9<\/p>\n<p>[\/et_pb_accordion_item][et_pb_accordion_item title=\u00a0\u00bbR\u00e9pertoire d\u2019activit\u00e9s \u00e0 la maison &#8211; 13.04.2020&Prime; _builder_version=\u00a0\u00bb4.16&Prime; _module_preset=\u00a0\u00bbdefault\u00a0\u00bb global_colors_info=\u00a0\u00bb{}\u00a0\u00bb open=\u00a0\u00bboff\u00a0\u00bb]<\/p>\n<div class=\"entry-content\">\n<p>Chers parents, ch\u00e8res familles, chers enfants, chers jeunes,<\/p>\n<p>Vous trouverez <a href=\"https:\/\/ram.glaj-vd.ch\/\" target=\"_blank\" rel=\"noreferrer noopener\" aria-label=\"sur ce site un r\u00e9pertoire d\u2019activit\u00e9s destin\u00e9 aux enfants (s\u2019ouvre dans un nouvel onglet)\">sur ce site un r\u00e9pertoire d\u2019activit\u00e9s destin\u00e9 aux enfants<\/a>, aux jeunes et \u00e0 leurs parents \u00e0 faire \u00e0 la maison.<\/p>\n<p>Ce r\u00e9pertoire a \u00e9t\u00e9 pens\u00e9 comme un outil permettant de centraliser les diverses propositions d\u2019activit\u00e9s qui essaiment sur la toile en cette p\u00e9riode de confinement. L\u2019id\u00e9e n\u2019est pas de surcharger les enfants ou les parents, mais bien de leur permettre de trouver facilement, si besoin, des id\u00e9es vari\u00e9es d\u2019activit\u00e9s de loisirs pour rester en mouvement, se divertir ou s\u2019instruire \u00e0 la maison.<\/p>\n<p>Le choix de r\u00e9aliser l\u2019une de ces activit\u00e9s avec des enfants rel\u00e8ve de la seule responsabilit\u00e9 des adultes qui les encadrent. Nous vous rendons attentifs au fait que des id\u00e9es d\u2019activit\u00e9s que nous recevons renvoient sur des sites commerciaux qui proposent des activit\u00e9s payantes. Autant que faire se peut, nous essayons de le mentionner quand c\u2019est le cas. Par ailleurs, les activit\u00e9s de la cat\u00e9gorie \u201cSpiritualit\u00e9\u201d sont issues des\u00a0<a href=\"https:\/\/prestations.vd.ch\/pub\/blv-publication\/actes\/consolide\/180.51?key=1585913860209&amp;id=619f5bb6-26c5-4f24-a013-a6d7f17f3d32\">communaut\u00e9s religieu<\/a><a href=\"https:\/\/prestations.vd.ch\/pub\/blv-publication\/actes\/consolide\/180.51?key=1585913860209&amp;id=619f5bb6-26c5-4f24-a013-a6d7f17f3d32\" target=\"_blank\" rel=\"noreferrer noopener\" aria-label=\"ses reconnues par l\u2019Etat de  (s\u2019ouvre dans un nouvel onglet)\">ses reconnues par l\u2019Etat de <\/a><a href=\"https:\/\/prestations.vd.ch\/pub\/blv-publication\/actes\/consolide\/180.51?key=1585913860209&amp;id=619f5bb6-26c5-4f24-a013-a6d7f17f3d32\">Vaud<\/a>.<\/p>\n<p>Toute activit\u00e9 doit \u00eatre r\u00e9alis\u00e9e dans le respect strict des mesures de protection de la population prononc\u00e9es par les autorit\u00e9s. Plus de renseignements sur\u00a0:\u00a0<a href=\"http:\/\/www.vd.ch\/coronavirus\">www.vd.ch\/corona<\/a><a href=\"http:\/\/www.vd.ch\/coronavirus\" target=\"_blank\" rel=\"noreferrer noopener\" aria-label=\"virus. (s\u2019ouvre dans un nouvel onglet)\">virus.<\/a><\/p>\n<p>Vous trouverez \u00e9galement des informations sur les mesures de protection traduites en plusieurs langues sous ce lien:\u00a0<a href=\"http:\/\/www.vaud-bienvenue.ch\/\">www.vaud-bi<\/a><a href=\"http:\/\/www.vaud-bienvenue.ch\/\" target=\"_blank\" rel=\"noreferrer noopener\" aria-label=\"envenue.ch. (s\u2019ouvre dans un nouvel onglet)\">envenue.ch.<\/a><\/p>\n<p>Profitez du temps \u00e0 la maison pour \u00e9changer, vous amuser et vous instruire !<\/p>\n<p style=\"text-align: right;\">La Municipalit\u00e9<\/p>\n<\/div>\n<p>[\/et_pb_accordion_item][et_pb_accordion_item title=\u00a0\u00bbInfo aux ain\u00e9s et personnes \u00e0 risque COVID-19 &#8211; 02.04.2020&Prime; _builder_version=\u00a0\u00bb4.16&Prime; _module_preset=\u00a0\u00bbdefault\u00a0\u00bb global_colors_info=\u00a0\u00bb{}\u00a0\u00bb open=\u00a0\u00bboff\u00a0\u00bb]<\/p>\n<p>Bonjour \u00e0 tous,<\/p>\n<p>Durant cette p\u00e9riode de pand\u00e9mie, il est conseill\u00e9 de rester \u00e0 la maison, ceci afin de vous prot\u00e9ger.<\/p>\n<p>Pour certains, certaines d\u2019entre-vous les choses ne sont pas faciles et nous sommes l\u00e0 pour vous aider.<\/p>\n<p>Nous vous proposons\u00a0les services suivants\u00a0<\/p>\n<ul>\n<li>Faire vos courses<\/li>\n<li>Livraison de repas chaud (voir plus bas les indications)<\/li>\n<li>Transport<\/li>\n<li>Promenade de vos animaux domestiques<\/li>\n<li>Aide pour la r\u00e9alisation de vos paiements, obtention d\u2019argent liquide<\/li>\n<\/ul>\n<p>Et bien plus\u2026 selon vos demandes et vos besoins.<\/p>\n<p>Appelez-nous sans h\u00e9siter<\/p>\n<ul>\n<li>R\u00e9pondant : Dominique Briand au 079 786 91 68<\/li>\n<li>Suppl\u00e9ant : Jean-Luc Reymond au 079 207 84 32<\/li>\n<\/ul>\n<p>Les repas de midi sont pr\u00e9par\u00e9s par l\u2019H\u00f4tel de France \u00e0 Cuarnens (famille Niedergang)\u00a0\u00a0t\u00e9l. 021 864 52 77. La commande doit \u00eatre pass\u00e9e <strong>24 h \u00e0 l\u2019avance<\/strong>. La livraison sera faite par des b\u00e9n\u00e9voles de la Commune.<\/p>\n<h2>Prenez soin de vous !<\/h2>\n<p>[\/et_pb_accordion_item][et_pb_accordion_item title=\u00a0\u00bbInfo Votre Police &#8211; 28.03.2020&Prime; _builder_version=\u00a0\u00bb4.16&Prime; _module_preset=\u00a0\u00bbdefault\u00a0\u00bb global_colors_info=\u00a0\u00bb{}\u00a0\u00bb open=\u00a0\u00bboff\u00a0\u00bb]<\/p>\n<div class=\"entry-content\">\n<p>Coronavirus : L\u2019essentiel en quelques mots<\/p>\n<h4>Face \u00e0 la multitude d\u2019informations sur le coronavirus, il est utile de se souvenir des pr\u00e9cautions essentielles \u00e0 respecter pour ralentir sa propagation.<\/h4>\n<ul>\n<li>Restez le plus possible chez vous<\/li>\n<li>\u00c9vitez les rassemblements<\/li>\n<li>Respectez strictement les consignes d\u2019hygi\u00e8ne et de lavage des mains<\/li>\n<li>Conservez une distance de s\u00e9curit\u00e9 avec vos interlocuteurs<\/li>\n<li>Ne quittez pas votre logement si vous toussez ou avez de la fi\u00e8vre<\/li>\n<li>T\u00e9l\u00e9phonez avant d\u2019aller chez le m\u00e9decin ou aux urgences<\/li>\n<li>N\u2019appelez les num\u00e9ros d\u2019urgence (112 \u2013 117 \u2013 118 \u2013 144) qu\u2019en cas d\u2019urgence r\u00e9elle<\/li>\n<\/ul>\n<p><a href=\"https:\/\/votrepolice.ch\/\" target=\"_blank\" rel=\"noopener\" title=\"Votre police\"><img loading=\"lazy\" decoding=\"async\" src=\"https:\/\/chavannes-le-veyron.ch\/wp-content\/uploads\/2021\/07\/votre_police_infos-300x58.jpg\" alt=\"\" class=\"wp-image-940 alignnone size-medium\" width=\"574\" height=\"111\" srcset=\"https:\/\/chavannes-le-veyron.ch\/wp-content\/uploads\/2021\/07\/votre_police_infos-300x58.jpg 574w, https:\/\/chavannes-le-veyron.ch\/wp-content\/uploads\/2021\/07\/votre_police_infos-480x93.jpg 480w\" sizes=\"(min-width: 0px) and (max-width: 480px) 480px, (min-width: 481px) 574px, 100vw\" \/><\/a><\/p>\n<p style=\"text-align: left;\">La Municipalit\u00e9<\/p>\n<\/div>\n<p>[\/et_pb_accordion_item][et_pb_accordion_item title=\u00a0\u00bbSauvetage faons Vaud &#8211; 26.03.2020&Prime; _builder_version=\u00a0\u00bb4.16&Prime; _module_preset=\u00a0\u00bbdefault\u00a0\u00bb global_colors_info=\u00a0\u00bb{}\u00a0\u00bb open=\u00a0\u00bboff\u00a0\u00bb]<\/p>\n<p><a href=\"https:\/\/www.sauvetage-faons-vaud.ch\/\" target=\"_blank\" rel=\"noopener\"><img loading=\"lazy\" decoding=\"async\" src=\"https:\/\/chavannes-le-veyron.ch\/wp-content\/uploads\/2021\/07\/fond_sauv_faons_vaud-300x169.jpg\" alt=\"\" class=\"wp-image-937 alignnone size-medium\" width=\"458\" height=\"258\" \/><\/a><\/p>\n<ul>\n<li>La Municipalit\u00e9 a fait un don de CHF 100.00 \u00e0 la Fondation Sauvetage Faons Vaud, en soutien \u00e0 nos agriculteurs.<\/li>\n<\/ul>\n<p>&nbsp;<\/p>\n<p><a href=\"https:\/\/www.sauvetage-faons-vaud.ch\/\" target=\"_blank\" rel=\"noreferrer noopener\" aria-label=\"Pour b\u00e9n\u00e9ficier de leur service consulter le site Fondation Sauvetage Faons Vausd (s\u2019ouvre dans un nouvel onglet)\">Pour b\u00e9n\u00e9ficier de leur service consulter le site Fondation Sauvetage Faons Vausd<\/a><\/p>\n<p>Coordonn\u00e9es du garde-faune et de son d\u00e9l\u00e9gu\u00e9 pour la r\u00e9gion\u00a0:<\/p>\n<ul>\n<li>Garde de faune:\u00a0\u00a0PIERACCI Kim\u00a0\u00a0Riond-Bosson 1\u00a01110 Morges \u00a0021 557 86 16\u00a0\u00a0\u00a0 079 237 42 59\u00a0 <a href=\"mailto:kim.pieracci@vd.ch\">kim.pieracci@vd.ch<\/a><\/li>\n<li>D\u00e9l\u00e9gu\u00e9:\u00a0DUPERREX Philippe\u00a0 Rte de la Poste 19\u00a0\u00a0\u00a01148 Cuarnens\u00a0 021 864 44 72\u00a0\u00a0 079 798 67 18\u00a0 <a href=\"mailto:p.duperrex@bluewin.ch\">p.duperrex@bluewin.ch<\/a><\/li>\n<\/ul>\n<p>[\/et_pb_accordion_item][et_pb_accordion_item title=\u00a0\u00bbInfo news N\u00b0 3\/20 \u2013 Chavannes\u00a0\u00bb _builder_version=\u00a0\u00bb4.16&Prime; _module_preset=\u00a0\u00bbdefault\u00a0\u00bb global_colors_info=\u00a0\u00bb{}\u00a0\u00bb open=\u00a0\u00bboff\u00a0\u00bb]<\/p>\n<div class=\"entry-content\">\n<p>Chers Habitantes et Habitants,<br \/>Au vue des circonstances li\u00e9es au coronavirus, nous vous transmettons ci-dessous, quelques informations :<\/p>\n<ul>\n<li>La Municipalit\u00e9 ne tient plus ses s\u00e9ances, mais fonctionne toujours via l\u2019extranet et collabore en t\u00e9l\u00e9travail.<\/li>\n<li>L\u2019administration communale est ferm\u00e9e pour une dur\u00e9e ind\u00e9termin\u00e9e.<br \/>Pour les affaires urgentes, nous vous invitons \u00e0 privil\u00e9gier les demandes par e-mail : adm@chavannes-le-veyron.ch et vraiment en cas d\u2019urgence extr\u00eame, vous avez la possibilit\u00e9 de joindre M. Jean-Luc Reymond, Syndic, 079 207 84 32.<\/li>\n<li>La d\u00e9chetterie reste ouverte selon les horaires habituels. Nous vous demandons toutefois de prendre les pr\u00e9cautions d\u2019hygi\u00e8ne n\u00e9cessaires et de garder vos distances avec vos interlocuteurs.<\/li>\n<li>Les votations f\u00e9d\u00e9rales du 17 mai 2020 ainsi que l\u2019\u00e9lection compl\u00e9mentaire d\u2019un municipal sont annul\u00e9es et report\u00e9es ult\u00e9rieurement.<br \/>Nous vous conseillons de consulter r\u00e9guli\u00e8rement les informations mises \u00e0 jour sur les sites internet de l\u2019Office F\u00e9d\u00e9ral de la Sant\u00e9 Publique (OFSP) et du Canton de Vaud concernant les mesures \u00e0 prendre dans le cadre de cette crise qui nous concerne tous.<br \/>Nous vous remercions infiniment de votre pr\u00e9cieuse compr\u00e9hension et vous tiendrons inform\u00e9s de la suite des \u00e9v\u00e8nements dans un prochain courrier.<\/li>\n<\/ul>\n<p style=\"text-align: right;\">La Municipalit\u00e9<\/p>\n<\/div>\n<p>[\/et_pb_accordion_item][et_pb_accordion_item title=\u00a0\u00bbInfo news N\u00b0 2\/20 Chavannes\u00a0\u00bb _builder_version=\u00a0\u00bb4.16&Prime; _module_preset=\u00a0\u00bbdefault\u00a0\u00bb global_colors_info=\u00a0\u00bb{}\u00a0\u00bb open=\u00a0\u00bboff\u00a0\u00bb]<\/p>\n<div class=\"entry-content\">\n<p>Chers Habitantes et Habitants,<br \/>A la suite de la sage d\u00e9cision du Conseil d\u2019Etat concernant la pand\u00e9mie du Coronavirus, nous sommes contraints d\u2019annuler toutes les manifestations pr\u00e9vues ces prochains mois.<br \/>Sont concern\u00e9s pour l\u2019instant :<\/p>\n<ul>\n<li><strong>L\u2019assembl\u00e9e de commune \u2013 23 mars 2020<\/strong><br \/>Les candidats int\u00e9ress\u00e9s peuvent toutefois demander aupr\u00e8s du greffe la liste de candidature. Cette derni\u00e8re devra \u00eatre sign\u00e9e par un mandataire, un suppl\u00e9ant, trois parrains et d\u00e9pos\u00e9e aupr\u00e8s du greffe avant <strong>le lundi 6 avril 2020 \u00e0 12h00<\/strong>.<br \/>La Municipalit\u00e9 reste volontiers \u00e0 votre disposition pour toute question et information \u00e0 ce sujet.<br \/>Greffe municipal, \uf028 079 650 02 07 \u2013 M. Jean-Luc Reymond, Syndic \uf028 079 207 84 32.<br \/>A ce jour, nous ne savons pas si ces votations\/\u00e9lection seront maintenues, mais ne manquerons pas de vous en informer.<\/li>\n<li><strong>Le souper des Nanas \u2013 vendredi 3 avril 2020<\/strong><\/li>\n<li><strong>Le march\u00e9 artisanal \u2013 samedi 4 avril 2020<\/strong><\/li>\n<li><strong>La journ\u00e9e coup de balai \u2013 samedi 25 avril 2020<\/strong><br \/>Pour toutes les autres manifestations, nous vous tiendrons au courant.<br \/>Une petite erreur s\u2019est toutefois gliss\u00e9e dans notre dernier tout m\u00e9nage; la broche du tir, si tout va bien, aura lieu le dimanche 23 ao\u00fbt 2020 et non le samedi.<br \/>En cette p\u00e9riode difficile pour tous, nous vous recommandons de suivre scrupuleusement les directives d\u2019hygi\u00e8nes et de conduite \u00e9dit\u00e9e par l\u2019Office f\u00e9d\u00e9ral de la sant\u00e9 publique OFSP. Vous trouverez sous ce lien <a aria-label=\"www.ofsp-coronavirus.ch (s\u2019ouvre dans un nouvel onglet)\" href=\"http:\/\/www.ofsp-coronavirus.ch\" target=\"_blank\" rel=\"noreferrer noopener\">www.ofsp-coronavirus.ch<\/a> toutes les informations utiles.<br \/>Prenez bien soin de vous et de votre entourage.<\/li>\n<\/ul>\n<\/div>\n<p>[\/et_pb_accordion_item][et_pb_accordion_item title=\u00a0\u00bbInfos news N\u00b0 1\/20 \u2013 Chavannes\u00a0\u00bb _builder_version=\u00a0\u00bb4.16&Prime; _module_preset=\u00a0\u00bbdefault\u00a0\u00bb global_colors_info=\u00a0\u00bb{}\u00a0\u00bb open=\u00a0\u00bboff\u00a0\u00bb]<\/p>\n<div class=\"entry-content\">\n<p><strong>Assembl\u00e9e de commune<\/strong><\/p>\n<p>A la suite de la d\u00e9mission de M. Jean-Louis Steffen et dans le cadre d\u2019une \u00e9lection compl\u00e9mentaire au sein de la Municipalit\u00e9 qui aura lieu le 17 mai 2020, nous vous invitons \u00e0 participer \u00e0 une assembl\u00e9e de commune qui se d\u00e9roulera le<\/p>\n<p style=\"text-align: center;\"><strong>Lundi 23 mars 2020 \u00e0 20h00 au Coll\u00e8ge<\/strong><\/p>\n<p>Nous sommes un petit village et souhaitons garder notre ind\u00e9pendance et un esprit familial comme nous l\u2019avons toujours connu. Nous comptons sur votre participation.<\/p>\n<p>Lors de cette assembl\u00e9e, la Municipalit\u00e9 sera pr\u00e9sente pour vous donner de plus amples informations sur la fonction.<\/p>\n<p>Vous avez \u00e9galement la possibilit\u00e9 de contacter la Municipalit\u00e9 ou l\u2019un de ses membres avant l\u2019assembl\u00e9e de commune.<\/p>\n<p><strong>A vos agendas<\/strong><\/p>\n<p>Nous avons le plaisir de vous communiquer les dates des diff\u00e9rents \u00e9v\u00e8nements, qui se d\u00e9rouleront ces prochains mois dans notre village.<\/p>\n<p><strong>Vendredi 3 avril 2020\u00a0\u00a0\u00a0\u00a0\u00a0\u00a0\u00a0\u00a0\u00a0\u00a0\u00a0\u00a0\u00a0\u00a0\u00a0 <\/strong>Souper des Nanas<\/p>\n<p><strong>Samedi 4 avril 2020\u00a0\u00a0\u00a0\u00a0\u00a0\u00a0\u00a0\u00a0\u00a0\u00a0\u00a0\u00a0\u00a0\u00a0\u00a0\u00a0\u00a0\u00a0 <\/strong>March\u00e9 artisanal \u00e0 Chavannes<\/p>\n<p><strong>Samedi 25 avril 2020 \u00a0\u00a0\u00a0\u00a0\u00a0\u00a0\u00a0\u00a0\u00a0\u00a0\u00a0\u00a0\u00a0\u00a0 <\/strong>Journ\u00e9e coup de balai<\/p>\n<p><strong>Dimanche 3 mai\u00a02020\u00a0\u00a0\u00a0\u00a0\u00a0\u00a0\u00a0\u00a0\u00a0\u00a0\u00a0\u00a0\u00a0\u00a0 <\/strong>F\u00eate de Mai \u2013 organisation par Festi\u2019Veyron<\/p>\n<p><strong>Jeudi 14 mai\u00a02020\u00a0\u00a0\u00a0\u00a0\u00a0\u00a0\u00a0\u00a0\u00a0\u00a0\u00a0\u00a0\u00a0\u00a0\u00a0\u00a0\u00a0\u00a0\u00a0\u00a0 <\/strong>Sortie des A\u00een\u00e9s, r\u00e9gion Vall\u00e9e de Joux<\/p>\n<p><strong>Dimanche 17 mai 2020\u00a0\u00a0\u00a0\u00a0\u00a0\u00a0\u00a0\u00a0\u00a0\u00a0\u00a0\u00a0 <\/strong>Election compl\u00e9mentaire d\u2019un(e) Conseiller(\u00e8re) Municipal(e)<\/p>\n<p><strong>Mardi 2 juin 2020\u00a0\u00a0\u00a0\u00a0\u00a0\u00a0\u00a0\u00a0\u00a0\u00a0\u00a0\u00a0\u00a0\u00a0\u00a0\u00a0\u00a0\u00a0\u00a0\u00a0\u00a0\u00a0 <\/strong>Conseil G\u00e9n\u00e9ral, salle villageoise \u2013 20h00<\/p>\n<p><strong>Dimanche 21 juin 2020\u00a0\u00a0\u00a0\u00a0\u00a0\u00a0\u00a0\u00a0\u00a0\u00a0\u00a0\u00a0 <\/strong>Je\u00fbne de Chavannes \u2013 repas canadien<\/p>\n<p><strong>Samedi 1<sup>er<\/sup> ao\u00fbt 2020\u00a0\u00a0\u00a0\u00a0\u00a0\u00a0\u00a0\u00a0\u00a0\u00a0\u00a0\u00a0\u00a0\u00a0\u00a0 <\/strong>F\u00eate nationale<\/p>\n<p><strong>Dimanche 23 ao\u00fbt 2020\u00a0\u00a0\u00a0\u00a0\u00a0\u00a0\u00a0\u00a0\u00a0\u00a0\u00a0 <\/strong>Broche du Tir \u2013 Organisation par la soci\u00e9t\u00e9 de tir<\/p>\n<p><strong>Lundi 7 d\u00e9cembre 2020\u00a0\u00a0\u00a0\u00a0\u00a0\u00a0 <\/strong> Conseil G\u00e9n\u00e9ral \u2013 20h00 \u2013 Coll\u00e8ge<\/p>\n<p>R\u00e9servez d\u2019ores et d\u00e9j\u00e0 ces dates dans votre agenda<\/p>\n<p><strong>Bienvenue<\/strong><\/p>\n<p>A notre nouvelle boursi\u00e8re, Mme Evelyne Baumann et notre nouvelle secr\u00e9taire et pr\u00e9pos\u00e9e au contr\u00f4le des habitants, Mme Carine Rochat.<\/p>\n<p>Vous aurez certainement l\u2019occasion de faire leur connaissance lors de notre prochain Conseil G\u00e9n\u00e9ral<\/p>\n<p style=\"text-align: right;\">La Municipalit\u00e9<\/p>\n<\/div>\n<p>[\/et_pb_accordion_item][\/et_pb_accordion][\/et_pb_column][\/et_pb_row][\/et_pb_section]<\/p>\n","protected":false},"excerpt":{"rendered":"<p>Actu&rsquo;Veyron2024 &#8211; ACTU&rsquo;VEYRON_01ACTU&rsquo;VEYRON 02\/20242024_ACTU&rsquo;VEYRON 032023 &#8211; ACTU&rsquo;VEYRON_022023 &#8211; ACTU&rsquo;VEYRON_012022 &#8211; ACTU&rsquo;VEYRON_012022 &#8211; ACTU&rsquo;VEYRON_01Fichier PDF : &#8211; Info NewsFichier PDF : &#8211; Info News &#8211; Coup de balai &#8211; Contr\u00f4le des [&hellip;]<\/p>\n","protected":false},"author":1,"featured_media":0,"parent":0,"menu_order":0,"comment_status":"closed","ping_status":"closed","template":"","meta":{"_et_pb_use_builder":"on","_et_pb_old_content":"","_et_gb_content_width":"","footnotes":""},"class_list":["post-66","page","type-page","status-publish","hentry"],"_links":{"self":[{"href":"https:\/\/chavannes-le-veyron.ch\/index.php\/wp-json\/wp\/v2\/pages\/66","targetHints":{"allow":["GET"]}}],"collection":[{"href":"https:\/\/chavannes-le-veyron.ch\/index.php\/wp-json\/wp\/v2\/pages"}],"about":[{"href":"https:\/\/chavannes-le-veyron.ch\/index.php\/wp-json\/wp\/v2\/types\/page"}],"author":[{"embeddable":true,"href":"https:\/\/chavannes-le-veyron.ch\/index.php\/wp-json\/wp\/v2\/users\/1"}],"replies":[{"embeddable":true,"href":"https:\/\/chavannes-le-veyron.ch\/index.php\/wp-json\/wp\/v2\/comments?post=66"}],"version-history":[{"count":30,"href":"https:\/\/chavannes-le-veyron.ch\/index.php\/wp-json\/wp\/v2\/pages\/66\/revisions"}],"predecessor-version":[{"id":2593,"href":"https:\/\/chavannes-le-veyron.ch\/index.php\/wp-json\/wp\/v2\/pages\/66\/revisions\/2593"}],"wp:attachment":[{"href":"https:\/\/chavannes-le-veyron.ch\/index.php\/wp-json\/wp\/v2\/media?parent=66"}],"curies":[{"name":"wp","href":"https:\/\/api.w.org\/{rel}","templated":true}]}}